{"id":6,"date":"2010-10-14T11:32:31","date_gmt":"2010-10-14T10:32:31","guid":{"rendered":"https:\/\/www.canal-literatura.com\/Apoesia6\/?page_id=6"},"modified":"2011-02-04T02:10:35","modified_gmt":"2011-02-04T01:10:35","slug":"jurado","status":"publish","type":"page","link":"https:\/\/www.canal-literatura.com\/Apoesia6\/jurado\/","title":{"rendered":"Jurado"},"content":{"rendered":"<h1><span style=\"color: #008000;\">Jurado del VI certamen \u00abPoemas sin Rostro\u00bb<\/span><\/h1>\n<h1 style=\"text-align: center;\"><span style=\"color: #ca6d34;\">Raquel Lanseros<\/span><span style=\"color: #008000;\">\u00a0<\/span><span style=\"color: #008000;\">\u00a0<\/span><\/h1>\n<div style=\"width: 310px\" class=\"wp-caption aligncenter\"><a href=\"https:\/\/www.canal-literatura.com\/htmltonuke.php?filnavn=Entrevistas\/RaquelLanseros2010.html\" target=\"_blank\"><img loading=\"lazy\" decoding=\"async\" title=\"Raquel Lanseros\" src=\"https:\/\/www.canal-literatura.com\/Entrevistas\/Raquel-Lanseros10-300.jpg\" alt=\"Raquel Lanseros\" width=\"300\" height=\"450\" \/><\/a><p class=\"wp-caption-text\">Raquel Lanseros<\/p><\/div>\n<p>Escritora, poeta, Acc\u00e9sit del premio Adon\u00e1is, el Premio Unicaja de Poes\u00eda y el Premio Antonio Machado en Baeza. Fue mienbro del jurado en la tercera edici\u00f3n de este certamen en el a\u00f1o 2007.\u00a0<\/p>\n<h1 style=\"text-align: center;\"><span style=\"color: #ca6d34;\">Luis Oroz Rodr\u00edguez<\/span>\u00a0<\/h1>\n<div style=\"width: 460px\" class=\"wp-caption aligncenter\"><a href=\"https:\/\/www.canal-literatura.com\/htmltonuke.php?filnavn=Entrevistas\/Luis_Oroz_Rodriguez.html\" target=\"_blank\"><img loading=\"lazy\" decoding=\"async\" title=\"Luis Oroz Rodr\u00edguez\" src=\"https:\/\/www.canal-literatura.com\/Entrevistas\/LuisOrozBN.jpg\" alt=\"Luis Oroz Rodr\u00edguez\" width=\"450\" height=\"233\" \/><\/a><p class=\"wp-caption-text\">Luis Oroz Rodr\u00edguez<\/p><\/div>\n<p>\u00a0Poeta madrile\u00f1o autodidacta. Ganador del II Certamen \u201cPoemas sin Rostro\u201d 2006. Con numerosos premios y libros en su haber, ha colaborado con Canal Literatura en todos los apartados del certamen y mientras ha seguido publicando y cosechando pemios.\u00a0<\/p>\n<p style=\"text-align: center;\"><strong>Grupo de lectura:<\/strong><br \/>\nFormado por miembros de la Asociaci\u00f3n Canal literatura y de la Escuela de Escritores \u201cAlonso Quijano\u201d.\u00a0<\/p>\n<p style=\"text-align: center;\"><strong>Fechas :<br \/>\n<\/strong>Convocatoria: &#8212; de Noviembre 2010\u00a0<\/p>\n<p style=\"text-align: center;\">Cierre del plazo de env\u00edo de originales:\u00a0 &#8212;\u00a0de Enero 2011\u00a0<\/p>\n<p style=\"text-align: center;\">Publicaci\u00f3n de los finalistas del Certamen y premio especial del p\u00fablico: Por determinar.\u00a0<\/p>\n<p style=\"text-align: center;\"><strong>Patrocinado la Regi\u00f3n de Murcia.<\/strong>\u00a0<\/p>\n<p style=\"text-align: center;\"><!-- BBCode Start --><strong><img decoding=\"async\" src=\"https:\/\/www.canal-literatura.com\/banner\/RegiondeMurcia2008.jpg\" alt=\"\" \/><\/strong><\/p>\n","protected":false},"excerpt":{"rendered":"<p>Jurado del VI certamen \u00abPoemas sin Rostro\u00bb Raquel Lanseros\u00a0\u00a0 Escritora, poeta, Acc\u00e9sit del premio Adon\u00e1is, el Premio Unicaja de Poes\u00eda y el Premio Antonio Machado en Baeza. Fue mienbro del jurado en la tercera edici\u00f3n de este certamen en el a\u00f1o 2007.\u00a0 Luis Oroz Rodr\u00edguez\u00a0 \u00a0Poeta madrile\u00f1o autodidacta. Ganador del&#8230;<\/p>\n<p> <a class=\"continue-reading-link\" href=\"https:\/\/www.canal-literatura.com\/Apoesia6\/jurado\/\"><span>Leer m\u00e1s.<\/span><i class=\"crycon-right-dir\"><\/i><\/a> <\/p>\n","protected":false},"author":1,"featured_media":0,"parent":0,"menu_order":2,"comment_status":"closed","ping_status":"closed","template":"","meta":{"footnotes":""},"class_list":["post-6","page","type-page","status-publish","hentry"],"amp_enabled":true,"_links":{"self":[{"href":"https:\/\/www.canal-literatura.com\/Apoesia6\/wp-json\/wp\/v2\/pages\/6","targetHints":{"allow":["GET"]}}],"collection":[{"href":"https:\/\/www.canal-literatura.com\/Apoesia6\/wp-json\/wp\/v2\/pages"}],"about":[{"href":"https:\/\/www.canal-literatura.com\/Apoesia6\/wp-json\/wp\/v2\/types\/page"}],"author":[{"embeddable":true,"href":"https:\/\/www.canal-literatura.com\/Apoesia6\/wp-json\/wp\/v2\/users\/1"}],"replies":[{"embeddable":true,"href":"https:\/\/www.canal-literatura.com\/Apoesia6\/wp-json\/wp\/v2\/comments?post=6"}],"version-history":[{"count":0,"href":"https:\/\/www.canal-literatura.com\/Apoesia6\/wp-json\/wp\/v2\/pages\/6\/revisions"}],"wp:attachment":[{"href":"https:\/\/www.canal-literatura.com\/Apoesia6\/wp-json\/wp\/v2\/media?parent=6"}],"curies":[{"name":"wp","href":"https:\/\/api.w.org\/{rel}","templated":true}]}}