{"id":5,"date":"2010-04-06T23:36:01","date_gmt":"2010-04-06T21:36:01","guid":{"rendered":"http:\/\/www.canal-literatura.com\/7certamen\/premiodamasco\/?page_id=5"},"modified":"2020-06-15T19:20:06","modified_gmt":"2020-06-15T18:20:06","slug":"bases-del-premio","status":"publish","type":"page","link":"https:\/\/www.canal-literatura.com\/7certamen\/premiodamasco\/?page_id=5","title":{"rendered":"Bases del Premio"},"content":{"rendered":"<p><strong>1<\/strong>. Podr\u00e1 participar en este certamen cualquier autor mayor de 18 a\u00f1os que lo desee, con obras en espa\u00f1ol.<\/p>\n<p><strong>2<\/strong>. El tema tendr\u00e1 relaci\u00f3n con el poeta y fil\u00f3sofo andalus\u00ed <a title=\"Datos de Ibn Arabi en Wikipedia\" href=\"https:\/\/es.wikipedia.org\/wiki\/Ibn_Arabi\" target=\"_blank\" rel=\"noopener noreferrer\">Ibn-Arabi<\/a>, nacido en Murcia y fallecido en Damasco. Cualquier tema que trate la vida, la obra, los lugares donde vivi\u00f3 o relacionados con \u00e9l, los recuerdos, an\u00e9cdotas, vivencias que cualquier autor tenga en su memoria sobre este personaje.\u00a0<\/p>\n<p><strong>3<\/strong>. Los trabajos presentados deber\u00e1n ser originales e in\u00e9ditos (incluido Internet) y no presentados ni premiados en otros concursos. Cualquier comprobaci\u00f3n en este sentido ser\u00e1 motivo de descalificaci\u00f3n autom\u00e1tica.\u00a0<\/p>\n<p><strong>4<\/strong>. Categor\u00edas del premio Especial: Se puede concursar en tres categor\u00edas diferentes.\u00a0<\/p>\n<p>\u00a0\u00a0\u00a0\u00a0\u00a0\u00a0\u00a0\u00a0\u00a0\u00a0\u00a0\u00a0\u00a0\u00a0\u00a0\u00a0 \u00a0a)- Texto con un m\u00e1ximo de 500 palabras para texto y 60 versos para poes\u00eda.\u00a0<\/p>\n<p>\u00a0\u00a0\u00a0\u00a0\u00a0\u00a0\u00a0\u00a0\u00a0\u00a0\u00a0\u00a0\u00a0\u00a0\u00a0\u00a0\u00a0 b)- Fotograf\u00eda. Las fotograf\u00edas deben enviarse en formato *.jpg *.gif con 800 pixeles de ancho m\u00e1ximo y 400 ancho m\u00ednimo.\u00a0<\/p>\n<p>\u00a0\u00a0\u00a0\u00a0\u00a0\u00a0\u00a0\u00a0\u00a0\u00a0\u00a0\u00a0\u00a0 \u00a0\u00a0 c)- Video-Multimedia. Los videos tendr\u00e1n un tiempo m\u00e1ximo de 2 minutos 30 segundos. Deber\u00e1n estar alojados en alg\u00fan servidor gratuito de acceso libre como Youtube.com o Vimeo.com, etiquetados con el t\u00edtulo de la obra y el seud\u00f3nimo del autor.\u00a0Se a\u00f1adir\u00e1 una peque\u00f1a descripci\u00f3n del mismo.\u00a0<\/p>\n<p><strong>5.<\/strong> Las obras deber\u00e1n ser remitidas en soporte inform\u00e1tico. En un correo electr\u00f3nico que incluir\u00e1 los siguientes documentos adjuntos debidamente cumplimentados (incluyendo obligatoriamente una imagen legible del documento de identidad o pasaporte, bien en el formulario oficial \u201cdeclaraci\u00f3n del autor\u201d o en archivo adjunto), a la direcci\u00f3n: <a href=\"mailto:damasco@canal-literatura.com\">damasco@canal-literatura.com<\/a>\u00a0<\/p>\n<p>\u00a0\u00a0\u00a0\u00a0\u00a0\u00a0\u00a0\u00a0\u00a0\u00a0\u00a0\u00a0\u00a0\u00a0\u00a0\u00a0 \u00a0\u2022 a)- <a title=\"Descargar formulario-plica\" href=\"https:\/\/www.canal-literatura.com\/7certamen\/premiodamasco\/Documentos\/formulario_plica.doc\" target=\"_blank\" rel=\"noopener noreferrer\">Formulario Datos del Autor-PLICA\u00a0<\/a><\/p>\n<p>\u00a0\u00a0\u00a0\u00a0\u00a0\u00a0\u00a0\u00a0\u00a0\u00a0\u00a0\u00a0\u00a0\u00a0\u00a0\u00a0\u00a0 \u2022 b)- <a title=\"Descargar declaracion del autor\" href=\"https:\/\/www.canal-literatura.com\/7certamen\/premiodamasco\/Documentos\/declaracion.doc\" target=\"_blank\" rel=\"noopener noreferrer\">Declaraci\u00f3n del autor\u00a0<\/a><\/p>\n<p>\u00a0\u00a0\u00a0\u00a0\u00a0\u00a0\u00a0\u00a0\u00a0\u00a0\u00a0\u00a0\u00a0\u00a0\u00a0\u00a0\u00a0 \u2022 c)- <a title=\"Descargar documento para enviar la obra concursante\" href=\"https:\/\/www.canal-literatura.com\/7certamen\/premiodamasco\/Documentos\/obraconcursante.doc\" target=\"_blank\" rel=\"noopener noreferrer\">Obra concursante incluyendo t\u00edtulo y seud\u00f3nimo.\u00a0<\/a><\/p>\n<p><strong>\u00a06<\/strong>. El plazo de recepci\u00f3n de originales. <strong>Plazo ampliado hasta el\u00a0 10 de marzo de 2011.<\/strong><\/p>\n<p><strong>7<\/strong>. Se otorgar\u00e1n dos premios por categor\u00eda Ganador y finalista que consistir\u00e1n en: a) La entrega de un trofeo y la publicaci\u00f3n de las obras ganadoras en un lugar destacado de la Web de la Asociaci\u00f3n Canal #Literatura.<\/p>\n<p style=\"text-align: center;\"><strong>Ganadores de las tres categor\u00edas: Porta documentos de plata marcado con el nombre del autor y la fecha.\u00a0<\/strong><\/p>\n<div style=\"width: 410px\" class=\"wp-caption aligncenter\"><center><a href=\"https:\/\/www.canal-literatura.com\/7certamen\/premiodamasco\/jurado\/portadocumentos-plata.jpg\"><img loading=\"lazy\" decoding=\"async\" title=\"Premio a los  ganadores de las tres categor\u00edas\" src=\"https:\/\/www.canal-literatura.com\/7certamen\/premiodamasco\/jurado\/portadocumentos-plata.jpg\" alt=\"Premio a los  ganadores de las tres categor\u00edas\" width=\"400\" height=\"248\" \/><\/a><\/center><p class=\"wp-caption-text\">Porta documentos de plata.<\/p><\/div>\n<p><strong>Finalistas de las tres categor\u00edas: Caja de marqueter\u00eda.<\/strong><\/p>\n<div style=\"width: 410px\" class=\"wp-caption aligncenter\"><center><a href=\"https:\/\/www.canal-literatura.com\/7certamen\/premiodamasco\/jurado\/caja-marqueteria.jpg \"><img loading=\"lazy\" decoding=\"async\" title=\"Premio a los  finalistas de las tres categor\u00edas\" src=\"https:\/\/www.canal-literatura.com\/7certamen\/premiodamasco\/jurado\/caja-marqueteria.jpg \" alt=\"Premio a los finalistas de las tres categor\u00edas\" width=\"400\" height=\"248\" \/><\/a><\/center><p class=\"wp-caption-text\">Caja de Marqueter\u00eda.<\/p><\/div>\n<p style=\"text-align: center;\">Premios patrocinados por la <strong>Biblioteca \u00c1lvaro Cunqueiro<\/strong><br \/>\ndel<strong> Instituto Cervantes de Damasco.<\/strong><\/p>\n<p><strong>8<\/strong>. La propiedad de las obras ser\u00e1 de los autores aunque la <strong>Asociaci\u00f3n Canal Literatura<\/strong> se reserva el derecho de la primera publicaci\u00f3n de las mismas indefinidamente en su portal <a href=\"https:\/\/www.canal-literatura.com\/\">https:\/\/www.canal-literatura.com\/<\/a> y en la edici\u00f3n en papel de finalistas y ganadores si esta finalmente se realiza.<\/p>\n<p><strong>9<\/strong>. Los premios de este certamen no podr\u00e1n declararse desiertos.<\/p>\n<p><strong>10<\/strong>. El fallo del Jurado, que resolver\u00e1 a su criterio las dudas que pueda plantear la interpretaci\u00f3n de estas Bases o decidir sobre cualquier otro aspecto relacionado con el desarrollo del certamen, ser\u00e1 inapelable y se har\u00e1 p\u00fablico en el acto de entrega de los premios que se anunciar\u00e1 con la debida antelaci\u00f3n <strong>.<\/strong><\/p>\n<p><strong>11<\/strong>.Si alg\u00fan participante utilizara un seud\u00f3nimo que pudiera ser reconocido o crear alg\u00fan tipo de confusi\u00f3n con los Nick (alias) usados habitualmente en el canal #literatura de IRC-Hispano, ser\u00e1 informado v\u00eda correo electr\u00f3nico de esta circunstancia, para que proceda al cambio del mismo. En \u00faltimo caso, se le asignar\u00eda un seud\u00f3nimo alfanum\u00e9rico aleatorio que garantizara su total anonimato para todos los \u00e1mbitos del premio.<\/p>\n<p><strong>\u00a012<\/strong>. La participaci\u00f3n en el concurso implica la \u00edntegra aceptaci\u00f3n de todos los apartados de estas bases.<\/p>\n<p><strong>13<\/strong>. Los Trabajos\u00a0 que no figuren es esta web trascurrido el plazo de una semana desde su env\u00edo, es que no han sido admitidos a concurso.<\/p>\n","protected":false},"excerpt":{"rendered":"<p>1. Podr\u00e1 participar en este certamen cualquier autor mayor de 18 a\u00f1os que lo desee, con obras en espa\u00f1ol. 2. El tema tendr\u00e1 relaci\u00f3n con el poeta y fil\u00f3sofo andalus\u00ed Ibn-Arabi, nacido en Murcia y fallecido en Damasco. Cualquier tema que trate la vida, la obra, los lugares donde vivi\u00f3&#8230;<\/p>\n<p class=\"continue-reading-button\"> <a class=\"continue-reading-link\" href=\"https:\/\/www.canal-literatura.com\/7certamen\/premiodamasco\/?page_id=5\">Leer m\u00e1s<i class=\"crycon-right-dir\"><\/i><\/a><\/p>\n","protected":false},"author":1,"featured_media":0,"parent":0,"menu_order":0,"comment_status":"closed","ping_status":"open","template":"","meta":{"footnotes":""},"class_list":["post-5","page","type-page","status-publish","hentry"],"amp_enabled":true,"_links":{"self":[{"href":"https:\/\/www.canal-literatura.com\/7certamen\/premiodamasco\/index.php?rest_route=\/wp\/v2\/pages\/5","targetHints":{"allow":["GET"]}}],"collection":[{"href":"https:\/\/www.canal-literatura.com\/7certamen\/premiodamasco\/index.php?rest_route=\/wp\/v2\/pages"}],"about":[{"href":"https:\/\/www.canal-literatura.com\/7certamen\/premiodamasco\/index.php?rest_route=\/wp\/v2\/types\/page"}],"author":[{"embeddable":true,"href":"https:\/\/www.canal-literatura.com\/7certamen\/premiodamasco\/index.php?rest_route=\/wp\/v2\/users\/1"}],"replies":[{"embeddable":true,"href":"https:\/\/www.canal-literatura.com\/7certamen\/premiodamasco\/index.php?rest_route=%2Fwp%2Fv2%2Fcomments&post=5"}],"version-history":[{"count":0,"href":"https:\/\/www.canal-literatura.com\/7certamen\/premiodamasco\/index.php?rest_route=\/wp\/v2\/pages\/5\/revisions"}],"wp:attachment":[{"href":"https:\/\/www.canal-literatura.com\/7certamen\/premiodamasco\/index.php?rest_route=%2Fwp%2Fv2%2Fmedia&parent=5"}],"curies":[{"name":"wp","href":"https:\/\/api.w.org\/{rel}","templated":true}]}}